{"id":7812,"date":"2021-06-17T10:47:02","date_gmt":"2021-06-17T08:47:02","guid":{"rendered":"http:\/\/kunde.easylink-v3.at\/?page_id=7812"},"modified":"2023-06-29T10:35:34","modified_gmt":"2023-06-29T08:35:34","slug":"datenschutz","status":"publish","type":"page","link":"https:\/\/alterna-gruppe.com\/de\/datenschutz\/","title":{"rendered":"Datenschutz"},"content":{"rendered":"<p>[et_pb_section fb_built=&#8220;1&#8243; _builder_version=&#8220;4.9.7&#8243; _module_preset=&#8220;default&#8220; background_image=&#8220;https:\/\/alterna-gruppe.com\/de\/wp-content\/uploads\/2021\/06\/security-concept-with-icons-wooden-blocks-turquoise-table-flat-lay.jpg&#8220; max_height=&#8220;400px&#8220; custom_padding=&#8220;||434px|||&#8220; global_colors_info=&#8220;{}&#8220;][\/et_pb_section][et_pb_section fb_built=&#8220;1&#8243; admin_label=&#8220;Datenschutz&#8220; _builder_version=&#8220;4.9.7&#8243; global_colors_info=&#8220;{}&#8220;][et_pb_row _builder_version=&#8220;4.9.7&#8243; module_alignment=&#8220;center&#8220; global_colors_info=&#8220;{}&#8220; width__hover_enabled=&#8220;on|desktop&#8220;][et_pb_column type=&#8220;4_4&#8243; _builder_version=&#8220;4.9.7&#8243; background_color_gradient_direction=&#8220;35deg&#8220; global_colors_info=&#8220;{}&#8220; custom_padding__hover=&#8220;|||&#8220;][et_pb_text admin_label=&#8220;Datenschutz Inhalt&#8220; _builder_version=&#8220;4.9.7&#8243; text_font=&#8220;||||||||&#8220; text_font_size=&#8220;18px&#8220; text_line_height=&#8220;1.8em&#8220; header_text_align=&#8220;center&#8220; header_2_letter_spacing=&#8220;1px&#8220; header_3_font=&#8220;|600||||on|||&#8220; header_3_text_color=&#8220;#444444&#8243; header_3_font_size=&#8220;23px&#8220; header_3_letter_spacing=&#8220;2px&#8220; header_3_line_height=&#8220;1.5em&#8220; max_width_tablet=&#8220;&#8220; max_width_phone=&#8220;&#8220; max_width_last_edited=&#8220;on|phone&#8220; module_alignment=&#8220;left&#8220; custom_margin=&#8220;|||&#8220; text_font_size_tablet=&#8220;&#8220; text_font_size_phone=&#8220;16px&#8220; text_font_size_last_edited=&#8220;on|phone&#8220; header_3_font_size_tablet=&#8220;&#8220; header_3_font_size_phone=&#8220;19px&#8220; header_3_font_size_last_edited=&#8220;on|phone&#8220; locked=&#8220;off&#8220; global_colors_info=&#8220;{}&#8220;]<\/p>\n<h3>Datenschutzerkl\u00e4rung<\/h3>\n<p>Alterna S+A GmbH (\u201eAlterna\u201d) freut sich um Ihren Besuch auf unserer Website und Ihr damit verbundenes Interesse an unseren Dienstleistungen. Das Thema Datenschutz hat bei Alterna h\u00f6chste Priorit\u00e4t. Daher m\u00f6chten wir Sie nachfolgend eingehend dar\u00fcber informieren:<\/p>\n<ol>\n<li>Welche Informationen Alterna w\u00e4hrend ihres Besuchs auf unserer Webseite erfasst<\/li>\n<li>Zu welchen Zwecken diese Informationen verarbeitet werden<\/li>\n<li>Auf welcher Rechtsgrundlage die Verarbeitung personenbezogener Daten erfolgt<\/li>\n<li>An welche Empf\u00e4nger personenbezogene Daten \u00fcbermittelt werden<\/li>\n<li>Wie lange personenbezogene Daten gespeichert werden<\/li>\n<li>Ob Sie verpflichtet sind, uns personenbezogene Daten zur Verf\u00fcgung zu stellen<\/li>\n<\/ol>\n<p>Zudem m\u00f6chten wir Ihnen mitteilen,<\/p>\n<ol>\n<li>Welche Rechte Ihnen in Bezug auf die vorgenommenen Datenverarbeitungen zustehen<\/li>\n<li>Wer als Verantwortlicher im Sinne des Datenschutzrechts anzusehen ist und, falls vorhanden, die Kontaktdaten unseres Datenschutzbeauftragten<\/li>\n<\/ol>\n<h3>Welche Informationen erfasst Alterna w\u00e4hrend Ihres Besuchs auf dieser Webseite?<\/h3>\n<ol>\n<li>Wenn Sie unsere Webseite informatorisch (also nicht \u00fcber eine Registrierung oder Kontaktaufnahme) besuchen, werden folgende Informationen automatisch von Ihrem Browser an unseren Server \u00fcbermittelt:<\/li>\n<ul>\n<li>IP Adresse Ihres Computers<\/li>\n<li>Informationen zu Ihrem Browser<\/li>\n<li>Name der Webseite von der aus Sie uns besuchen<\/li>\n<li>Name der aufgerufenen Angebotsseite (URL) oder der aufgerufenen Datei<\/li>\n<li>Datum und Uhrzeit Ihres Besuchs<\/li>\n<li>\u00dcbertragene Datenmengen<\/li>\n<li>Statusangaben wie beispielsweise Fehlermeldungen<\/li>\n<\/ul>\n<li>Wenn Sie \u00fcber ein Kontaktformular unserer Webseite oder per E-Mail mit uns in Kontakt treten, erhalten wir die folgenden Informationen:<\/li>\n<ul>\n<li>Ihre E-Mailadresse und sonstige Informationen, welche Sie in Ihrer E-Mail an uns \u00fcbermitteln<\/li>\n<li>Datum und Uhrzeit Ihrer Kontaktaufnahme<\/li>\n<\/ul>\n<\/ol>\n<h3>Inwieweit verarbeitet Alterna die genannten Daten und zu welchen Zwecken?<\/h3>\n<ol>\n<ol>\n<li>Wenn Sie die Alterna-Webseite besuchen, nutzen wir die IP-Adresse und die weiteren automatisch von Ihrem Browser an unseren Server \u00fcbermittelten Daten unter Ziffer 1 (1) um<\/li>\n<ul type=\"a\">\n<li>Ihnen die angeforderten Inhalte zur Verf\u00fcgung stellen zu k\u00f6nnen. Dabei speichern wir die vollst\u00e4ndige IP-Adresse nur solange dies technisch notwendig ist, um Ihnen die angeforderte Seite anzuzeigen.<\/li>\n<li>\u202fIhre IP-Adresse an einen Dienstleister zu \u00fcbermitteln, welcher Ihre \u00f6ffentliche IP-Adresse mit nicht personenbezogenen Unternehmensinformationen abgleicht. Diese Unternehmensinformationen werden von uns gespeichert. In diesem Verarbeitungsschritt wird Ihre IP-Adresse weder von unserem Dienstleister noch von uns gespeichert.<\/li>\n<li>uns vor Angriffen zu sch\u00fctzen und zur Sicherstellung eines ordnungsgem\u00e4\u00dfen Betriebs unserer Webseite. Dabei speichern wir die besagten Daten vor\u00fcbergehend und zugriffsgesch\u00fctzt f\u00fcr maximal 180 Tage. Ausgenommen von der L\u00f6schung nach maximal 180 Tagen sind Daten \u00fcber Zugriffe, die f\u00fcr die weitere Verfolgung von Angriffen und St\u00f6rungen erforderlich sind.<\/li>\n<\/ul>\n<\/ol>\n<\/ol>\n<p>Alterna wird ausschlie\u00dflich in F\u00e4llen von rechtswidrigen Angriffen versuchen herauszufinden, welche Person hinter einer IP-Adresse steht.<\/p>\n<ol>\n<li>Die IP Adresse Ihres Computers speichern wir nachdem wir diese um das letzte Oktett verk\u00fcrzt haben \u2013 das hei\u00dft in anonymisierter Form \u2013 um das Nutzungsverhalten von Besuchern unserer Webseite zu analysieren und damit unsere Webseite zu verbessern. Die genannte K\u00fcrzung der IP-Adresse zu diesem Zweck erfolgt unmittelbar nach der Erhebung. Wir erfassen daher keine personenbezogenen Informationen \u00fcber Ihr Nutzungsverhalten auf unserer Webseite.<\/li>\n<li>Wenn Sie \u00fcber ein Kontaktformular unserer Webseite oder per E-Mail mit uns in Kontakt treten, nutzen wir die unter Ziffer 1 (2) genannten personenbezogenen Daten, um Ihre Anfrage zu beantworten und dieser m\u00f6glichst zu entsprechen. Diese personenbezogenen Daten werden so lange gespeichert, wie dies erforderlich ist, um Ihre Anfrage zu beantworten und dieser zu entsprechen.<\/li>\n<\/ol>\n<h3>Sind Sie verpflichtet uns diese Daten zur Verf\u00fcgung zu stellen? K\u00f6nnen Sie der Nutzung widersprechen?<\/h3>\n<p>Beim Besuch unserer Webseite werden die in Ziffer 1 (1) genannten Informationen automatisiert von Ihrem Browser an unseren Server \u00fcbermittelt. Die \u00dcbermittlung dieser Informationen erfolgt freiwillig. Ohne die Zurverf\u00fcgungstellung dieser personenbezogenen Daten k\u00f6nnen wir Ihnen die angeforderte Seite nicht anzeigen.\u202f<\/p>\n<p>Sie sind nicht verpflichtet uns die Nutzung Ihrer bereits anonymisierten Daten zur Webanalyse zu gestatten. Sie sind auch nicht verpflichtet, es uns zu gestatten, Ihre IP-Adresse mit Ihren Unternehmensdaten abzugleichen.<\/p>\n<p>Wenn Sie mit uns in Kontakt treten wollen und uns dazu eine E-Mail senden oder unser Kontaktformular nutzen, erfolgt die \u00dcbermittlung der Informationen gem\u00e4\u00df Ziffer 1 (2) freiwillig. Soweit ein Kontaktformular Pflichtfelder enth\u00e4lt, sind diese gekennzeichnet. Ohne die Zurverf\u00fcgungstellung der im Einzelfall erforderlichen personenbezogenen Daten k\u00f6nnen wir Ihre Anfrage ggfs. nicht bzw. nicht bestm\u00f6glich beantworten.\u202f<\/p>\n<h3>Auf welcher Rechtsgrundlage erfolgt die Verarbeitung Ihrer personenbezogenen Daten?<\/h3>\n<p>Die Rechtsgrundlage f\u00fcr die unter Ziffer 2 dargestellte Verarbeitung Ihrer personenbezogenen Daten ist Artikel 6 Absatz 1, Satz 1, Buchstabe (f) Datenschutz-Grundverordnung. Das berechtigte Interesse von Alterna an diesen Verarbeitungst\u00e4tigkeiten ergibt sich aus den unter Ziffer 2 genannten Zwecken.\u202f<\/p>\n<h3>An wen geben wir Ihre personenbezogenen Daten weiter?<\/h3>\n<p>Die unter Ziffer 1 genannten personenbezogenen Daten geben wir an Auftragsverarbeiter mit Sitz innerhalb der Europ\u00e4ischen Union zu den Zwecken unter Ziffer 2 weiter. Die dortige Verarbeitung erfolgt in unserem Auftrag und nach unseren Anweisungen. Wir haben nicht die Absicht Ihre personenbezogenen Daten an ein Drittland zu \u00fcbermitteln.\u202f<\/p>\n<h3>Wie sichern wir Ihre personenbezogenen Daten?<\/h3>\n<p>Alterna setzt technische und organisatorische Sicherheitsma\u00dfnahmen ein, um Ihre personenbezogenen Daten durch zuf\u00e4llige oder vors\u00e4tzliche Manipulation, Verlust, Zerst\u00f6rung oder Zugriff unberechtigter Personen zu sch\u00fctzen. Unsere Sicherungsma\u00dfnahmen werden entsprechend der technologischen Entwicklung fortlaufend \u00fcberarbeitet.<\/p>\n<h3>Werden auf unserer Webseite Cookies verwendet?<\/h3>\n<p>Wir verwenden keine Tracking, Marketing oder sonstigen Cookies.<\/p>\n<h3>Welche Rechte stehen Ihnen zu?<\/h3>\n<p>Unter der Datenschutz-Grundverordnung stehen Ihnen bestimmte Rechte zu:<\/p>\n<p>Auskunftsrecht: Das Recht auf Auskunft \u00fcber Ihre personenbezogenen Daten, die von uns verarbeitet werden, und \u00fcber bestimmte andere Informationen (wie z.B. diejenigen, welche in dieser Datenschutzerkl\u00e4rung gegeben werden)<\/p>\n<p>Recht auf Berichtigung: Wenn Ihre personenbezogenen Daten unrichtig oder unvollst\u00e4ndig sind, haben Sie ein Recht auf Berichtigung<\/p>\n<p>Recht auf L\u00f6schung: Auf Grundlage des sog. \u201eRechts auf Vergessenwerden\u201c k\u00f6nnen Sie die L\u00f6schung Ihrer personenbezogenen Daten verlangen, es sei denn, es besteht eine Aufbewahrungspflicht. Das Recht auf L\u00f6schung ist kein ausnahmsloses Recht. Wir haben etwa das Recht, Ihre personenbezogenen Daten weiterhin zu verarbeiten, wenn eine solche Verarbeitung erforderlich ist, um unseren gesetzlichen Verpflichtungen nachzukommen oder zur Geltendmachung, Aus\u00fcbung oder Verteidigung von Rechtsanspr\u00fcchen<\/p>\n<p>Recht auf Einschr\u00e4nkung der Verarbeitung: Dieses Recht umfasst die Einschr\u00e4nkung der Nutzung oder der Art und Weise der Nutzung. Dieses Recht ist auf bestimmte F\u00e4lle beschr\u00e4nkt und besteht insbesondere, wenn: (a) die Daten unrichtig sind; (b) die Verarbeitung unrechtm\u00e4\u00dfig ist und Sie die L\u00f6schung ablehnen; (c) wir die Daten nicht mehr ben\u00f6tigen, Sie die Daten jedoch zur Geltendmachung, Aus\u00fcbung oder Verteidigung von Rechtsanspr\u00fcchen ben\u00f6tigen. Wenn die Verarbeitung eingeschr\u00e4nkt ist, d\u00fcrfen wir die Daten weiterhin speichern, aber nicht nutzen. Wir halten eine Liste mit denjenigen Personen vor, die das Recht auf Einschr\u00e4nkung der Verarbeitung ausge\u00fcbt haben, um diese Einschr\u00e4nkung sicherstellen zu k\u00f6nnen<\/p>\n<p>Recht auf Daten\u00fcbertragbarkeit: Dieses Recht beinhaltet, dass wir Ihre personenbezogenen Daten sofern technisch m\u00f6glich in einem strukturierten, g\u00e4ngigen und maschinenlesbaren Format zu Ihren eigenen Zwecken \u00fcbermitteln<\/p>\n<p>Widerspruchsrecht: Sie k\u00f6nnen gegen die Verarbeitung Ihrer personenbezogenen Daten Widerspruch einlegen, wenn diese auf Grundlage berechtigter Interessen verarbeitet werden, insbesondere im Fall von Direktwerbung<\/p>\n<p>Recht auf Unterrichtung: Sie haben das Recht, in klarer und einfach verst\u00e4ndlicher Sprache unterrichtet zu werden, wie wir Ihre personenbezogenen Daten verarbeiten; und<br \/>Recht auf Widerruf Ihrer Einwilligung: Wenn Sie uns Ihre Einwilligung zur Verarbeitung gegeben haben, haben Sie das jederzeitige Recht, Ihre Einwilligung zu widerrufen. Solch ein Widerruf ber\u00fchrt nicht die Rechtm\u00e4\u00dfigkeit der aufgrund der Einwilligung bis zum Widerruf erfolgten Verarbeitung.<\/p>\n<p>Die Aus\u00fcbung dieser Rechte ist f\u00fcr Sie kostenfrei. Sie m\u00fcssen jedoch Ihre Identit\u00e4t mit zwei Faktoren nachweisen. Wir werden angemessene Anstrengungen in \u00dcbereinstimmung mit unseren gesetzlichen Pflichten unternehmen, um Ihre personenbezogenen Daten in unseren Dateisystemen zu \u00fcbertragen, zu berichtigen oder zu l\u00f6schen.<\/p>\n<p>Um Ihre Rechte auszu\u00fcben, eine Beschwerde einzulegen oder sonstige Anfragen zu \u00fcbermitteln, kontaktieren Sie uns bitte per E-Mail oder schreiben uns. Wir sind bem\u00fcht, Ihnen innerhalb von 30 Tagen zu antworten. Die Kontaktdaten finden Sie im Impressum.<\/p>\n<p>Wenn wir eine Beschwerde erhalten, werden wir die Person, welche die Beschwerde eingelegt hat, kontaktieren, um der Beschwerde nachzugehen. Wenn wir eine Beschwerde nicht unmittelbar l\u00f6sen k\u00f6nnen, werden wir nach Bedarf mit den Beh\u00f6rden, insbesondere den Datenschutzbeh\u00f6rden, zusammenarbeiten.<\/p>\n<p>Wenn Sie mit der Bearbeitung einer Beschwerde bez\u00fcglich Ihrer personenbezogenen Daten nicht zufrieden sind, k\u00f6nnen Sie Ihre Beschwerde an die zust\u00e4ndige Datenschutzbeh\u00f6rde richten.<\/p>\n<h3>Wo k\u00f6nnen Sie sich beschweren?<\/h3>\n<p>Sie haben die M\u00f6glichkeit, sich mit einer Beschwerde an den in dieser Datenschutzerkl\u00e4rung genannten Datenschutzbeauftragten (Kontaktdaten siehe unten) oder an eine Aufsichtsbeh\u00f6rde zu wenden, insbesondere in dem Mitgliedstaat ihres Aufenthaltsorts, ihres Arbeitsplatzes oder des Orts des mutma\u00dflichen Versto\u00dfes. Ebenfalls k\u00f6nnen Sie kontaktieren:<\/p>\n<p style=\"box-sizing: inherit; margin: 0px 0px 1.5rem; padding: 0px; font-family: Arial, 'Helvetica Neue', Helvetica, Roboto, sans-serif; font-size: 14px; font-weight: 400; line-height: 1.35; text-rendering: optimizelegibility; transform: translateY(-0.17rem); color: #666666; font-style: normal; font-variant-ligatures: normal; font-variant-caps: normal; letter-spacing: 0.2px; orphans: 2; text-align: start; text-indent: 0px; text-transform: none; widows: 2; word-spacing: 0px; -webkit-text-stroke-width: 0px; white-space: normal; background-color: #ffffff; text-decoration-thickness: initial; text-decoration-style: initial; text-decoration-color: initial;\">Landesbeauftragten f\u00fcr den Datenschutz und die Informationsfreiheit Rheinland-Pfalz (LfDI Rheinland-Pfalz)<\/p>\n<p style=\"box-sizing: inherit; margin: 0px 0px 1.5rem; padding: 0px; font-family: Arial, 'Helvetica Neue', Helvetica, Roboto, sans-serif; font-size: 14px; font-weight: 400; line-height: 1.35; text-rendering: optimizelegibility; transform: translateY(-0.17rem); color: #666666; font-style: normal; font-variant-ligatures: normal; font-variant-caps: normal; letter-spacing: 0.2px; orphans: 2; text-align: start; text-indent: 0px; text-transform: none; widows: 2; word-spacing: 0px; -webkit-text-stroke-width: 0px; white-space: normal; background-color: #ffffff; text-decoration-thickness: initial; text-decoration-style: initial; text-decoration-color: initial;\">Hintere Bleiche 34<br style=\"box-sizing: inherit;\" \/>55116 Mainz<br style=\"box-sizing: inherit;\" \/>Telefon: +49 (0) 6131 8920-0<br style=\"box-sizing: inherit;\" \/>Telefax: +49 (0) 6131 8920-299<br style=\"box-sizing: inherit;\" \/>Webseite:<span>\u00a0<\/span><a href=\"https:\/\/www.datenschutz.rlp.de\/\" target=\"_blank\" style=\"box-sizing: inherit; color: #031961; line-height: inherit; text-decoration: underline;\" rel=\"noopener\">https:\/\/www.datenschutz.rlp.de\/<\/a><br style=\"box-sizing: inherit;\" \/>E-Mail:<span>\u00a0<\/span><a style=\"box-sizing: inherit; color: #031961; line-height: inherit; text-decoration: underline;\">poststelle(at)datenschutz.rlp.de<\/a><\/p>\n<h3>Datenschutz bei Minderj\u00e4hrigen<\/h3>\n<p>Diese Webseite richtet sich an Personen, welche mindestens 18 Jahre alt sind. Wir m\u00f6chten keine personenbezogenen Daten von Personen unter 18 Jahren erheben.<\/p>\n<p>Personen unter 18 Jahren sollten daher keine personenbezogenen Daten auf oder \u00fcber diese Webseite \u00fcbermitteln. Wenn eine solche Person personenbezogene Daten \u00fcber diese Webseite \u00fcbermittelt, werden wir diese Daten l\u00f6schen und nicht weiterverarbeiten, sobald uns die Minderj\u00e4hrigkeit bekannt wird.<\/p>\n<p>[\/et_pb_text][\/et_pb_column][\/et_pb_row][\/et_pb_section]<\/p>\n","protected":false},"excerpt":{"rendered":"<p>Datenschutzerkl\u00e4rung Alterna S+A GmbH (\u201eAlterna\u201d) freut sich um Ihren Besuch auf unserer Website und Ihr damit verbundenes Interesse an unseren Dienstleistungen. Das Thema Datenschutz hat bei Alterna h\u00f6chste Priorit\u00e4t. Daher m\u00f6chten wir Sie nachfolgend eingehend dar\u00fcber informieren: Welche Informationen Alterna w\u00e4hrend ihres Besuchs auf unserer Webseite erfasst Zu welchen Zwecken diese Informationen verarbeitet werden Auf [&hellip;]<\/p>\n","protected":false},"author":1,"featured_media":0,"parent":0,"menu_order":0,"comment_status":"closed","ping_status":"closed","template":"","meta":{"_et_pb_use_builder":"on","_et_pb_old_content":"","_et_gb_content_width":"","footnotes":""},"class_list":["post-7812","page","type-page","status-publish","hentry"],"_links":{"self":[{"href":"https:\/\/alterna-gruppe.com\/de\/wp-json\/wp\/v2\/pages\/7812","targetHints":{"allow":["GET"]}}],"collection":[{"href":"https:\/\/alterna-gruppe.com\/de\/wp-json\/wp\/v2\/pages"}],"about":[{"href":"https:\/\/alterna-gruppe.com\/de\/wp-json\/wp\/v2\/types\/page"}],"author":[{"embeddable":true,"href":"https:\/\/alterna-gruppe.com\/de\/wp-json\/wp\/v2\/users\/1"}],"replies":[{"embeddable":true,"href":"https:\/\/alterna-gruppe.com\/de\/wp-json\/wp\/v2\/comments?post=7812"}],"version-history":[{"count":2,"href":"https:\/\/alterna-gruppe.com\/de\/wp-json\/wp\/v2\/pages\/7812\/revisions"}],"predecessor-version":[{"id":8069,"href":"https:\/\/alterna-gruppe.com\/de\/wp-json\/wp\/v2\/pages\/7812\/revisions\/8069"}],"wp:attachment":[{"href":"https:\/\/alterna-gruppe.com\/de\/wp-json\/wp\/v2\/media?parent=7812"}],"curies":[{"name":"wp","href":"https:\/\/api.w.org\/{rel}","templated":true}]}}